{"id":910,"date":"2020-06-18T18:03:49","date_gmt":"2020-06-18T16:03:49","guid":{"rendered":"http:\/\/breton-nantes.bzh\/?page_id=910"},"modified":"2026-04-13T13:19:08","modified_gmt":"2026-04-13T11:19:08","slug":"qui-sommes-nous","status":"publish","type":"page","link":"https:\/\/breton-nantes.bzh\/index.php\/association\/qui-sommes-nous\/","title":{"rendered":"Qui sommes-nous ?"},"content":{"rendered":"\t\t<div data-elementor-type=\"wp-page\" data-elementor-id=\"910\" class=\"elementor elementor-910\">\n\t\t\t\t\t\t<section class=\"elementor-section elementor-top-section elementor-element elementor-element-1808b85 elementor-section-boxed elementor-section-height-default elementor-section-height-default\" data-id=\"1808b85\" data-element_type=\"section\">\n\t\t\t\t\t\t<div class=\"elementor-container elementor-column-gap-default\">\n\t\t\t\t\t<div class=\"elementor-column elementor-col-100 elementor-top-column elementor-element elementor-element-cfde77a\" data-id=\"cfde77a\" data-element_type=\"column\">\n\t\t\t<div class=\"elementor-widget-wrap elementor-element-populated\">\n\t\t\t\t\t\t<div class=\"elementor-element elementor-element-a87b64f elementor-tabs-view-horizontal elementor-widget elementor-widget-tabs\" data-id=\"a87b64f\" data-element_type=\"widget\" data-widget_type=\"tabs.default\">\n\t\t\t\t<div class=\"elementor-widget-container\">\n\t\t\t\t\t<div class=\"elementor-tabs\">\n\t\t\t<div class=\"elementor-tabs-wrapper\" role=\"tablist\" >\n\t\t\t\t\t\t\t\t\t<div id=\"elementor-tab-title-1761\" class=\"elementor-tab-title elementor-tab-desktop-title\" aria-selected=\"true\" data-tab=\"1\" role=\"tab\" tabindex=\"0\" aria-controls=\"elementor-tab-content-1761\" aria-expanded=\"false\">HISTOIRE DE L'ASSOCIATION<\/div>\n\t\t\t\t\t\t\t\t\t<div id=\"elementor-tab-title-1762\" class=\"elementor-tab-title elementor-tab-desktop-title\" aria-selected=\"false\" data-tab=\"2\" role=\"tab\" tabindex=\"-1\" aria-controls=\"elementor-tab-content-1762\" aria-expanded=\"false\">LE CONSEIL D'ADMINISTRATION<\/div>\n\t\t\t\t\t\t\t\t\t<div id=\"elementor-tab-title-1763\" class=\"elementor-tab-title elementor-tab-desktop-title\" aria-selected=\"false\" data-tab=\"3\" role=\"tab\" tabindex=\"-1\" aria-controls=\"elementor-tab-content-1763\" aria-expanded=\"false\">NOS FINANCEURS<\/div>\n\t\t\t\t\t\t\t\t\t<div id=\"elementor-tab-title-1764\" class=\"elementor-tab-title elementor-tab-desktop-title\" aria-selected=\"false\" data-tab=\"4\" role=\"tab\" tabindex=\"-1\" aria-controls=\"elementor-tab-content-1764\" aria-expanded=\"false\">NOS PARTENAIRES<\/div>\n\t\t\t\t\t\t\t\t\t<div id=\"elementor-tab-title-1765\" class=\"elementor-tab-title elementor-tab-desktop-title\" aria-selected=\"false\" data-tab=\"5\" role=\"tab\" tabindex=\"-1\" aria-controls=\"elementor-tab-content-1765\" aria-expanded=\"false\">NOTRE EQUIPE<\/div>\n\t\t\t\t\t\t\t<\/div>\n\t\t\t<div class=\"elementor-tabs-content-wrapper\" role=\"tablist\" aria-orientation=\"vertical\">\n\t\t\t\t\t\t\t\t\t<div class=\"elementor-tab-title elementor-tab-mobile-title\" aria-selected=\"true\" data-tab=\"1\" role=\"tab\" tabindex=\"0\" aria-controls=\"elementor-tab-content-1761\" aria-expanded=\"false\">HISTOIRE DE L'ASSOCIATION<\/div>\n\t\t\t\t\t<div id=\"elementor-tab-content-1761\" class=\"elementor-tab-content elementor-clearfix\" data-tab=\"1\" role=\"tabpanel\" aria-labelledby=\"elementor-tab-title-1761\" tabindex=\"0\" hidden=\"false\"><p><span style=\"font-size: 24pt;\"><!-- \/wp:image --><\/span><\/p>\n<p><span style=\"font-size: 24pt;\"><!-- wp:paragraph {\"fontSize\":\"medium\"} --><\/span><\/p>\n<p style=\"text-align: center;\"><span style=\"color: #ffcc00; font-size: 18pt;\"><strong><span style=\"font-family: 'Trebuchet MS', Geneva;\">KanN : une f\u00e9d\u00e9ration de 40 ans d&rsquo;\u00e2ge<\/span><\/strong><\/span><\/p>\n<section class=\"elementor-section elementor-top-section elementor-element elementor-element-4335116 elementor-section-boxed elementor-section-height-default elementor-section-height-default\" data-id=\"4335116\" data-element_type=\"section\">\n<div class=\"elementor-container elementor-column-gap-default\">\n<div class=\"elementor-column elementor-col-100 elementor-top-column elementor-element elementor-element-8d4f575\" data-id=\"8d4f575\" data-element_type=\"column\">\n<div class=\"elementor-widget-wrap elementor-element-populated\">\n<div class=\"elementor-element elementor-element-5a6d5bc elementor-widget elementor-widget-text-editor\" data-id=\"5a6d5bc\" data-element_type=\"widget\" data-widget_type=\"text-editor.default\">\n<div class=\"elementor-widget-container\">\n<p><span style=\"font-family: 'Trebuchet MS', Geneva; color: #000000; font-size: 12pt;\">La\u00a0<strong>f\u00e9d\u00e9ration KanN<\/strong>\u00a0\u0153uvre \u00e0 la\u00a0<strong>promotion de la culture et de la langue bretonnes<\/strong>\u00a0en\u00a0<strong>Loire-Atlantique<\/strong>\u00a0depuis\u00a0<strong>1985<\/strong>. La f\u00e9d\u00e9ration<\/span><span style=\"font-size: 12pt; color: #000000; font-family: 'Trebuchet MS', Geneva;\">\u00a0propose des <strong>cours du soir<\/strong>, des <strong>stages<\/strong> et des <strong>activit\u00e9s<\/strong> en breton en Loire-Atlantique. Des <strong>centaines d&rsquo;adh\u00e9rentes et d&rsquo;adh\u00e9rents<\/strong> prennent part \u00e0 notre f\u00e9d\u00e9ration.<\/span><\/p>\n<\/div>\n<\/div>\n<\/div>\n<\/div>\n<\/div>\n<\/section>\n<p><span style=\"font-size: 24pt;\"><!-- \/wp:paragraph --><\/span><\/p>\n<p><span style=\"font-size: 24pt;\"><!-- wp:paragraph {\"fontSize\":\"medium\"} --><\/span><\/p>\n<p><span style=\"font-size: 24pt;\"><!-- \/wp:paragraph --><\/span><\/p>\n<p><span style=\"font-size: 24pt;\"><!-- wp:paragraph {\"fontSize\":\"medium\"} --><\/span><\/p>\n<p><!-- \/wp:paragraph --><\/p>\n<p><!-- wp:paragraph --><\/p>\n<p><!-- \/wp:paragraph --><\/p><\/div>\n\t\t\t\t\t\t\t\t\t<div class=\"elementor-tab-title elementor-tab-mobile-title\" aria-selected=\"false\" data-tab=\"2\" role=\"tab\" tabindex=\"-1\" aria-controls=\"elementor-tab-content-1762\" aria-expanded=\"false\">LE CONSEIL D'ADMINISTRATION<\/div>\n\t\t\t\t\t<div id=\"elementor-tab-content-1762\" class=\"elementor-tab-content elementor-clearfix\" data-tab=\"2\" role=\"tabpanel\" aria-labelledby=\"elementor-tab-title-1762\" tabindex=\"0\" hidden=\"hidden\"><p><span style=\"font-family: 'Trebuchet MS', Geneva; color: #000000; font-size: 12pt;\"><span style=\"font-size: 14pt;\">Quinze membres constituent notre Conseil d&rsquo;Administration :<\/span><br \/><\/span><\/p>\n<ul>\n<li><span style=\"font-family: 'Trebuchet MS', Geneva; color: #000000; font-size: 12pt;\">HENRY Pascal &#8211; Pr\u00e9sident<\/span><\/li>\n<li><span style=\"font-family: 'Trebuchet MS', Geneva; color: #000000; font-size: 12pt;\">LEON-ROUE Katell &#8211; Vice-Pr\u00e9sidente<\/span><\/li>\n<li><span style=\"font-family: 'Trebuchet MS', Geneva; color: #000000; font-size: 12pt;\">MER Cyril &#8211; Tr\u00e9sorier<\/span><\/li>\n<li><span style=\"font-family: 'Trebuchet MS', Geneva; color: #000000; font-size: 12pt;\">JAFFRES Perig &#8211; Secr\u00e9taire<\/span><\/li>\n<li><span style=\"font-family: 'Trebuchet MS', Geneva; color: #000000; font-size: 12pt;\">ARZUL Pierre<\/span><\/li>\n<li><span style=\"font-family: 'Trebuchet MS', Geneva; color: #000000; font-size: 12pt;\">BRIAND St\u00e9phane<\/span><\/li>\n<li><span style=\"font-family: 'Trebuchet MS', Geneva; color: #000000; font-size: 12pt;\">CUDENNEC Herv\u00e9<\/span><\/li>\n<li><span style=\"font-family: 'Trebuchet MS', Geneva; color: #000000; font-size: 12pt;\">DAVID Kristin<\/span><\/li>\n<li><span style=\"font-family: 'Trebuchet MS', Geneva; color: #000000; font-size: 12pt;\">DJIBRILA-BARON Val\u00e9rie<\/span><\/li>\n<li><span style=\"font-family: 'Trebuchet MS', Geneva; color: #000000; font-size: 12pt;\">LE MAUX Anthony<\/span><\/li>\n<li><span style=\"font-family: 'Trebuchet MS', Geneva; color: #000000; font-size: 12pt;\">MALETTE Maxime<\/span><\/li>\n<li><span style=\"font-family: 'Trebuchet MS', Geneva; color: #000000; font-size: 12pt;\">PICHARD Guillaume<\/span><\/li>\n<li><span style=\"font-family: 'Trebuchet MS', Geneva; color: #000000; font-size: 12pt;\">PRUGNE Christophe<\/span><\/li>\n<li><span style=\"font-family: 'Trebuchet MS', Geneva; color: #000000; font-size: 12pt;\">SIMON Claude<\/span><\/li>\n<li><span style=\"font-family: 'Trebuchet MS', Geneva; color: #000000; font-size: 12pt;\">SIMON H\u00e9l\u00e8ne<\/span><\/li>\n<\/ul>\n<p>\u00a0<\/p>\n<p><span style=\"font-family: 'Trebuchet MS', Geneva; font-size: 10pt;\"><a href=\"https:\/\/breton-nantes.bzh\/wp-content\/uploads\/2023\/09\/Statuts-Kenteliou-an-Noz-16.06.23.pdf\" target=\"_blank\" rel=\"noopener\">Cliquez ici pour acc\u00e9der aux statuts de l&rsquo;association<\/a>.<\/span><\/p>\n<p><span style=\"font-size: 10pt; font-family: 'Trebuchet MS', Geneva;\"><a href=\"https:\/\/breton-nantes.bzh\/wp-content\/uploads\/2025\/09\/Danevell-emvod-EM-25-KanN-_-Proces-verbal-AG-25-KanN.pdf\" target=\"_blank\" rel=\"noopener\">Cliquez ici pour lire le proc\u00e8s verbal de notre derni\u00e8re assembl\u00e9e g\u00e9n\u00e9rale.<\/a><\/span><\/p><\/div>\n\t\t\t\t\t\t\t\t\t<div class=\"elementor-tab-title elementor-tab-mobile-title\" aria-selected=\"false\" data-tab=\"3\" role=\"tab\" tabindex=\"-1\" aria-controls=\"elementor-tab-content-1763\" aria-expanded=\"false\">NOS FINANCEURS<\/div>\n\t\t\t\t\t<div id=\"elementor-tab-content-1763\" class=\"elementor-tab-content elementor-clearfix\" data-tab=\"3\" role=\"tabpanel\" aria-labelledby=\"elementor-tab-title-1763\" tabindex=\"0\" hidden=\"hidden\"><p><span style=\"font-size: 12pt; color: #000000; font-family: 'Trebuchet MS', Geneva;\">KanN est aid\u00e9 par les collectivit\u00e9s qui suivent. Un grand merci \u00e0 elles !<\/span><\/p>\n<ul>\n<li><span style=\"font-size: 12pt; color: #000000; font-family: 'Trebuchet MS', Geneva;\">R\u00e9gion Bretagne <img decoding=\"async\" class=\"alignnone size-full wp-image-3713\" src=\"https:\/\/breton-nantes.bzh\/wp-content\/uploads\/2023\/09\/RB_BZH_NB.jpg\" alt=\"\" width=\"114\" height=\"114\" \/><\/span><\/li>\n<li><span style=\"font-size: 12pt; color: #000000; font-family: 'Trebuchet MS', Geneva;\"><span style=\"color: #000000;\">Ville de Nantes <img decoding=\"async\" class=\"alignnone wp-image-944 size-medium\" src=\"https:\/\/breton-nantes.bzh\/wp-content\/uploads\/2020\/06\/Nantes_logo-300x142.png\" alt=\"\" width=\"300\" height=\"142\" \/><\/span><\/span><\/li>\n<\/ul>\n<p><span style=\"font-family: 'Trebuchet MS', Geneva; font-size: 12pt; color: #000000;\">De nombreuses communes nous soutiennent \u00e9galement en mettant gratuitement \u00e0 notre disposition des salles municipales :<\/span><\/p>\n<ul>\n<li><span style=\"font-family: 'Trebuchet MS', Geneva; font-size: 12pt; color: #000000;\">Ville de Nantes<\/span><\/li>\n<li><span style=\"font-family: 'Trebuchet MS', Geneva; font-size: 12pt; color: #000000;\">Ville de Saint-Herblain<\/span><\/li>\n<li><span style=\"font-family: 'Trebuchet MS', Geneva; font-size: 12pt; color: #000000;\">Ville de Rez\u00e9<\/span><\/li>\n<li><span style=\"font-family: 'Trebuchet MS', Geneva; font-size: 12pt; color: #000000;\">Ville de Saint-Nazaire<\/span><\/li>\n<li><span style=\"font-family: 'Trebuchet MS', Geneva; font-size: 12pt; color: #000000;\">Ville de Saint-Br\u00e9vin-les-Pins<\/span><\/li>\n<li><span style=\"font-family: 'Trebuchet MS', Geneva; font-size: 12pt; color: #000000;\">Ville de Montoir-de-Bretagne<\/span><\/li>\n<li><span style=\"font-family: 'Trebuchet MS', Geneva; font-size: 12pt; color: #000000;\">Ville de Donges<br \/><\/span><\/li>\n<li><span style=\"color: #000000; font-family: 'Trebuchet MS', Geneva; font-size: 12pt;\">Ville de Blain<\/span><\/li>\n<\/ul>\n<p><span style=\"font-family: 'Trebuchet MS', Geneva; font-size: 12pt; color: #000000;\">Merci \u00e9galement \u00e0 toutes les associations et \u00e0 tous les bars\/caf\u00e9s qui accueillent l&rsquo;un de nos cours :\u00a0<\/span><\/p>\n<ul>\n<li><a href=\"https:\/\/www.facebook.com\/LaPerleNantes\"><span style=\"font-family: 'Trebuchet MS', Geneva; font-size: 12pt; color: #000000;\">Caf\u00e9 la Perle<\/span><\/a><\/li>\n<li><a href=\"https:\/\/www.facebook.com\/profile.php?id=100054295939326\"><span style=\"font-family: 'Trebuchet MS', Geneva; font-size: 12pt; color: #000000;\">Caf\u00e9 Le Bistrot de Mr Jules<\/span><\/a><\/li>\n<li><a href=\"https:\/\/www.facebook.com\/chezpesteetchipie\"><span style=\"font-family: 'Trebuchet MS', Geneva; font-size: 12pt; color: #000000;\">Caf\u00e9\/Boutique\/Epicerie Chez Peste et Chipie<\/span><\/a><\/li>\n<li><a href=\"https:\/\/www.facebook.com\/lepiceriedadda\"><span style=\"font-family: 'Trebuchet MS', Geneva; color: #000000;\">Epicerie ADDA<\/span><\/a><\/li>\n<li><a href=\"https:\/\/www.facebook.com\/profile.php?id=61573833557796\"><span style=\"font-family: 'Trebuchet MS', Geneva; font-size: 12pt; color: #000000;\">Repar&rsquo;Caf\u00e9 Trignac<\/span><\/a><\/li>\n<\/ul><\/div>\n\t\t\t\t\t\t\t\t\t<div class=\"elementor-tab-title elementor-tab-mobile-title\" aria-selected=\"false\" data-tab=\"4\" role=\"tab\" tabindex=\"-1\" aria-controls=\"elementor-tab-content-1764\" aria-expanded=\"false\">NOS PARTENAIRES<\/div>\n\t\t\t\t\t<div id=\"elementor-tab-content-1764\" class=\"elementor-tab-content elementor-clearfix\" data-tab=\"4\" role=\"tabpanel\" aria-labelledby=\"elementor-tab-title-1764\" tabindex=\"0\" hidden=\"hidden\"><p><span style=\"font-size: 12pt; font-family: 'Trebuchet MS', Geneva; color: #000000;\">Nous co-travaillons avec les structures ci-dessous :<br \/><\/span><\/p>\n<ul>\n<li><span style=\"font-size: 12pt; font-family: 'Trebuchet MS', Geneva;\"><a href=\"https:\/\/www.fr.brezhoneg.bzh\/\" target=\"_blank\" rel=\"noopener\">Ofis Publik ar Brezhoneg<\/a><img decoding=\"async\" class=\"alignnone wp-image-954 size-full\" src=\"https:\/\/breton-nantes.bzh\/wp-content\/uploads\/2020\/06\/langue_bretonne-1-e1767013421539.png\" alt=\"\" width=\"200\" height=\"127\" \/><\/span><\/li>\n<li><span style=\"font-size: 12pt; font-family: 'Trebuchet MS', Geneva;\"><a href=\"https:\/\/www.centreculturelbreton.fr\/bre\/degemer\/\" target=\"_blank\" rel=\"noopener\">Kreizenn sevenadurel Yezho\u00f9 ha Sevenadur<\/a><img loading=\"lazy\" decoding=\"async\" class=\"alignnone wp-image-950 size-full\" src=\"https:\/\/breton-nantes.bzh\/wp-content\/uploads\/2020\/06\/Logo_Yezho\u00f9_ha_Sevenadur-e1767013484475.jpg\" alt=\"\" width=\"200\" height=\"103\" \/><\/span><\/li>\n<li><span style=\"font-size: 12pt; font-family: 'Trebuchet MS', Geneva;\"><a href=\"https:\/\/skolanemsav.bzh\/br\/degemer\/\" target=\"_blank\" rel=\"noopener\">Skol an Emsav <img loading=\"lazy\" decoding=\"async\" class=\"alignnone wp-image-956 size-thumbnail\" src=\"https:\/\/breton-nantes.bzh\/wp-content\/uploads\/2020\/06\/skol_an_emsav-150x150.jpg\" alt=\"\" width=\"150\" height=\"150\" \/><\/a><\/span><\/li>\n<li><span style=\"font-size: 12pt; font-family: 'Trebuchet MS', Geneva;\"><a href=\"https:\/\/www.facebook.com\/profile.php?id=61568946214340#\">Div Yezh St Nazer <\/a><a href=\"https:\/\/www.facebook.com\/profile.php?id=61568946214340#\"><img loading=\"lazy\" decoding=\"async\" class=\"alignnone wp-image-6637 size-thumbnail\" src=\"https:\/\/breton-nantes.bzh\/wp-content\/uploads\/2025\/09\/20250909133909-150x150.jpg\" alt=\"\" width=\"150\" height=\"150\" \/><\/a><\/span><\/li>\n<li><span style=\"font-size: 10pt;\"><a href=\"https:\/\/www.facebook.com\/Div.Yezh.St.Ervlan\/\"><span style=\"font-family: 'Trebuchet MS', Geneva;\">Div Yezh St Ervlan<\/span><\/a><\/span> <img loading=\"lazy\" decoding=\"async\" class=\"alignnone wp-image-7046 size-full\" src=\"https:\/\/breton-nantes.bzh\/wp-content\/uploads\/2025\/12\/Capture-decran-2025-12-29-140654-e1767013822647.png\" alt=\"\" width=\"150\" height=\"142\" \/><\/li>\n<li><span style=\"font-family: 'Trebuchet MS', Geneva; font-size: 12pt;\"><a href=\"https:\/\/diwan-naoned.bzh\/\" target=\"_blank\" rel=\"noopener\">Diwan Naoned<\/a> <img loading=\"lazy\" decoding=\"async\" class=\"alignnone wp-image-6638 size-full\" src=\"https:\/\/breton-nantes.bzh\/wp-content\/uploads\/2025\/09\/LOGO-DIWAN-naoned-1-1-e1767013846809.png\" alt=\"\" width=\"150\" height=\"118\" \/><\/span><\/li>\n<li><span style=\"font-size: 12pt; font-family: 'Trebuchet MS', Geneva;\"><a href=\"https:\/\/www.facebook.com\/KDSK.BZH\/\">Kreizenn dafar sevenadurel keltiek <img loading=\"lazy\" decoding=\"async\" class=\"alignnone wp-image-953 size-thumbnail\" src=\"https:\/\/breton-nantes.bzh\/wp-content\/uploads\/2020\/06\/cf33cf_29aedc29e88c442e85146a6df513d19bmv2_d_3266_1229_s_2-150x59.jpg\" alt=\"\" width=\"150\" height=\"59\" \/><\/a><\/span><\/li>\n<li><span style=\"font-size: 12pt; font-family: 'Trebuchet MS', Geneva;\"><a href=\"https:\/\/www.radionaoned.bzh\/br\/an-holl-abadennou\/\">Radio Naoned <\/a><a href=\"https:\/\/www.radionaoned.bzh\/br\/an-holl-abadennou\/\"><img loading=\"lazy\" decoding=\"async\" class=\"alignnone wp-image-955 size-full\" src=\"https:\/\/breton-nantes.bzh\/wp-content\/uploads\/2020\/06\/3817771870771494345_logo-e1767013573463.jpg\" alt=\"\" width=\"200\" height=\"69\" \/><\/a><\/span><\/li>\n<\/ul>\n<p><span style=\"font-family: 'Trebuchet MS', Geneva; font-size: 12pt; color: #000000;\">Merci \u00e9galement \u00e0 toutes les associations et \u00e0 tous les bars\/caf\u00e9s qui accueillent l&rsquo;un de nos cours :\u00a0<\/span><\/p>\n<ul>\n<li><a href=\"https:\/\/www.facebook.com\/LaPerleNantes\"><span style=\"font-family: 'Trebuchet MS', Geneva; font-size: 12pt; color: #000000;\">Caf\u00e9 la Perle<\/span><\/a><\/li>\n<li><a href=\"https:\/\/www.facebook.com\/profile.php?id=100054295939326\"><span style=\"font-family: 'Trebuchet MS', Geneva; font-size: 12pt; color: #000000;\">Caf\u00e9 Le Bistrot de Mr Jules<\/span><\/a><\/li>\n<li><a href=\"https:\/\/www.facebook.com\/chezpesteetchipie\"><span style=\"font-family: 'Trebuchet MS', Geneva; font-size: 12pt; color: #000000;\">Caf\u00e9\/Boutique\/Epicerie Chez Peste et Chipie<\/span><\/a><\/li>\n<li><a href=\"https:\/\/www.facebook.com\/lepiceriedadda\"><span style=\"font-family: 'Trebuchet MS', Geneva; color: #000000;\">Epicerie ADDA<\/span><\/a><\/li>\n<li><a href=\"https:\/\/www.facebook.com\/profile.php?id=61573833557796\"><span style=\"font-family: 'Trebuchet MS', Geneva; font-size: 12pt; color: #000000;\">Repar&rsquo;Caf\u00e9 Trignac<\/span><\/a><\/li>\n<\/ul><\/div>\n\t\t\t\t\t\t\t\t\t<div class=\"elementor-tab-title elementor-tab-mobile-title\" aria-selected=\"false\" data-tab=\"5\" role=\"tab\" tabindex=\"-1\" aria-controls=\"elementor-tab-content-1765\" aria-expanded=\"false\">NOTRE EQUIPE<\/div>\n\t\t\t\t\t<div id=\"elementor-tab-content-1765\" class=\"elementor-tab-content elementor-clearfix\" data-tab=\"5\" role=\"tabpanel\" aria-labelledby=\"elementor-tab-title-1765\" tabindex=\"0\" hidden=\"hidden\"><p style=\"text-align: center;\"><span style=\"font-size: 18pt; font-family: 'Trebuchet MS', Geneva; color: #000000;\"><strong>L&rsquo;\u00e9quipe de KanN :<\/strong><\/span><\/p>\n<ul>\n<li><span style=\"font-size: 12pt; font-family: 'Trebuchet MS', Geneva; color: #000000;\"><span style=\"text-decoration: underline;\">Les employ\u00e9s<\/span>\u00a0:<\/span><\/li>\n<\/ul>\n<p><span style=\"font-size: 12pt; font-family: 'Trebuchet MS', Geneva; color: #000000;\">Arzhur Blain : Enseignant Responsable P\u00e9dagogique (depuis2023) ; Pevarlamm, niveau 1, niveau 2, niveau 3 et MP sur Nantes et la m\u00e9tropole<br \/><\/span><\/p>\n<p><span style=\"font-size: 12pt; font-family: 'Trebuchet MS', Geneva; color: #000000;\">Ewen Averty &#8211; Le Bloa : enseignant (depuis 2025) ; niveau 1 et niveau 2 sur Nantes et la m\u00e9tropole<\/span><\/p>\n<p><span style=\"font-size: 12pt; font-family: 'Trebuchet MS', Geneva; color: #000000;\">Fa\u00f1ch-Manu Gueno : enseignant (depuis 2025) ; niveau 1, niveau 2 et niveau 4 sur le bassin nazairien<\/span><\/p>\n<p><span style=\"font-size: 12pt; font-family: 'Trebuchet MS', Geneva; color: #000000;\">Ang\u00e9lique Le Doridour : Coordinatrice (depuis 2025) ; Loire-Atlantique<\/span><\/p>\n<ul>\n<li><span style=\"font-size: 12pt; font-family: 'Trebuchet MS', Geneva; color: #000000;\"><span style=\"text-decoration: underline;\">Les enseignants d\u00e9fray\u00e9s et b\u00e9n\u00e9voles<\/span> :<\/span><\/li>\n<\/ul>\n<p><span style=\"color: #000000; font-family: 'Trebuchet MS', Geneva;\">Niveau 1 : Beatris KERNEUR (Donges), Damien KERNALEGUEN (Blain), Eric BAINVEL (Saint-Herblain)<\/span><\/p>\n<p><span style=\"color: #000000; font-family: 'Trebuchet MS', Geneva;\">Niveau 2 : Alan HAYE (Nantes), Delphine GRALL (Orvault), Perig JAFFRES (Nantes), Gwilherm JOUBERT (Saint-Herblain)<\/span><\/p>\n<p><span style=\"color: #000000; font-family: 'Trebuchet MS', Geneva;\">Niveau 3 : Gwenn MEYNIER (Nantes), Paskal HENRY (Indre)<\/span><\/p>\n<p><span style=\"color: #000000; font-family: 'Trebuchet MS', Geneva;\">Niveau 4 : Katell LEON-ROUE (Nantes)<\/span><\/p>\n<p><span style=\"color: #000000; font-family: 'Trebuchet MS', Geneva;\">Niveau MP : Elie SALAUN (Saint-Herblain)<\/span><\/p>\n<p><span style=\"color: #000000; font-family: 'Trebuchet MS', Geneva;\">Groupe de conversation du Vignoble : Yann-Lukaz BADEAUD<\/span><\/p><\/div>\n\t\t\t\t\t\t\t<\/div>\n\t\t<\/div>\n\t\t\t\t<\/div>\n\t\t\t\t<\/div>\n\t\t\t\t\t<\/div>\n\t\t<\/div>\n\t\t\t\t\t<\/div>\n\t\t<\/section>\n\t\t\t\t<\/div>\n\t\t","protected":false},"excerpt":{"rendered":"<p>HISTOIRE DE L&rsquo;ASSOCIATION LE CONSEIL D&rsquo;ADMINISTRATION NOS FINANCEURS NOS PARTENAIRES NOTRE EQUIPE HISTOIRE DE L&rsquo;ASSOCIATION KanN : une f\u00e9d\u00e9ration de 40 ans d&rsquo;\u00e2ge La\u00a0f\u00e9d\u00e9ration KanN\u00a0\u0153uvre \u00e0 la\u00a0promotion de la culture et de la langue bretonnes\u00a0en\u00a0Loire-Atlantique\u00a0depuis\u00a01985. La f\u00e9d\u00e9ration\u00a0propose des cours du soir, des stages et des activit\u00e9s en breton en Loire-Atlantique. Des centaines d&rsquo;adh\u00e9rentes et d&rsquo;adh\u00e9rents&hellip;<\/p>\n","protected":false},"author":1,"featured_media":0,"parent":13,"menu_order":0,"comment_status":"closed","ping_status":"closed","template":"","meta":{"footnotes":""},"class_list":["post-910","page","type-page","status-publish","hentry"],"_links":{"self":[{"href":"https:\/\/breton-nantes.bzh\/index.php\/wp-json\/wp\/v2\/pages\/910","targetHints":{"allow":["GET"]}}],"collection":[{"href":"https:\/\/breton-nantes.bzh\/index.php\/wp-json\/wp\/v2\/pages"}],"about":[{"href":"https:\/\/breton-nantes.bzh\/index.php\/wp-json\/wp\/v2\/types\/page"}],"author":[{"embeddable":true,"href":"https:\/\/breton-nantes.bzh\/index.php\/wp-json\/wp\/v2\/users\/1"}],"replies":[{"embeddable":true,"href":"https:\/\/breton-nantes.bzh\/index.php\/wp-json\/wp\/v2\/comments?post=910"}],"version-history":[{"count":132,"href":"https:\/\/breton-nantes.bzh\/index.php\/wp-json\/wp\/v2\/pages\/910\/revisions"}],"predecessor-version":[{"id":7418,"href":"https:\/\/breton-nantes.bzh\/index.php\/wp-json\/wp\/v2\/pages\/910\/revisions\/7418"}],"up":[{"embeddable":true,"href":"https:\/\/breton-nantes.bzh\/index.php\/wp-json\/wp\/v2\/pages\/13"}],"wp:attachment":[{"href":"https:\/\/breton-nantes.bzh\/index.php\/wp-json\/wp\/v2\/media?parent=910"}],"curies":[{"name":"wp","href":"https:\/\/api.w.org\/{rel}","templated":true}]}}